{"id":907,"date":"2020-04-13T16:33:53","date_gmt":"2020-04-13T16:33:53","guid":{"rendered":"https:\/\/masachs.com\/sobre-nosotros"},"modified":"2026-02-06T14:24:04","modified_gmt":"2026-02-06T13:24:04","slug":"sobre-nosaltres","status":"publish","type":"page","link":"https:\/\/masachs.com\/ca\/sobre-nosaltres","title":{"rendered":"Sobre Nosaltres"},"content":{"rendered":"<p>[vc_row full_width=&#8221;stretch_row_content_no_spaces&#8221;][vc_column][vc_separator color=&#8221;custom&#8221; align=&#8221;align_left&#8221; border_width=&#8221;10&#8243; accent_color=&#8221;#15326e&#8221; el_id=&#8221;separador-header&#8221;][vc_raw_js]JTNDc2NyaXB0JTNFJTBBdmFyJTIwd2lud2klMjAlM0QlMjB3aW5kb3cuaW5uZXJXaWR0aCUzQiUwQXZhciUyMHAlMjAlM0QlMjBkb2N1bWVudC5xdWVyeVNlbGVjdG9yJTI4JTIyLnNpbmdsZV93aWR0aF9wYWdlJTIyJTI5JTNCJTBBdmFyJTIwc3R5bGUlMjAlM0QlMjBwLmN1cnJlbnRTdHlsZSUyMCU3QyU3QyUyMHdpbmRvdy5nZXRDb21wdXRlZFN0eWxlJTI4cCUyOSUzQiUwQXZhciUyMGxlZnRzcGFjZSUyMCUzRCUyMCUyOHdpbndpLSUyOHBhcnNlSW50JTI4c3R5bGUud2lkdGglMjktMzAlMjklMjklMkYyJTNCJTBBZG9jdW1lbnQuZ2V0RWxlbWVudEJ5SWQlMjglMjJzZXBhcmFkb3ItaGVhZGVyJTIyJTI5LnN0eWxlLmxlZnQlMjAlM0QlMjBsZWZ0c3BhY2UlMkIlMjJweCUyMiUzQiUwQSUzQyUyRnNjcmlwdCUzRQ==[\/vc_raw_js][\/vc_column][\/vc_row][vc_row css=&#8221;.vc_custom_1712051363223{margin-top: 80px !important;margin-bottom: 100px !important;}&#8221; el_class=&#8221;mobile_hide&#8221;][vc_column width=&#8221;5\/12&#8243;][vc_custom_heading text=&#8221;Experts en lloguer i compravenda de naus industrials&#8221; font_container=&#8221;tag:h1|text_align:left&#8221; use_theme_fonts=&#8221;yes&#8221;][vc_column_text]Masachs Industrial \u00e9s una empresa immobili\u00e0ria especialitzada en naus industrials, naus log\u00edstiques, s\u00f2l industrial, locals comercials i oficines, que opera a nivell nacional.<\/p>\n<p>Assessorem en processos de compravenda, administraci\u00f3 i lloguer de naus industrials i immobles.<\/p>\n<p>Donem suport durant tot el proc\u00e9s de compravenda o lloguer, el nostre objectiu \u00e9s sempre facilitar al m\u00e0xim les transaccions entre ambdues parts.[\/vc_column_text][\/vc_column][vc_column width=&#8221;1\/12&#8243;][\/vc_column][vc_column width=&#8221;6\/12&#8243; css=&#8221;.vc_custom_1586795897656{margin-top: 35px !important;}&#8221;][vc_single_image image=&#8221;380&#8243; img_size=&#8221;full&#8221; alignment=&#8221;right&#8221; css_animation=&#8221;fadeInRight&#8221;][\/vc_column][\/vc_row][vc_row css=&#8221;.vc_custom_1712051419284{margin-top: 50px !important;margin-bottom: 100px !important;}&#8221; el_class=&#8221;desktop_hide&#8221;][vc_column width=&#8221;5\/12&#8243;][vc_custom_heading text=&#8221;Experts en lloguer i compravenda de naus industrials&#8221; font_container=&#8221;tag:h1|text_align:left&#8221; use_theme_fonts=&#8221;yes&#8221;][vc_single_image image=&#8221;380&#8243; img_size=&#8221;full&#8221; alignment=&#8221;right&#8221; css_animation=&#8221;fadeInRight&#8221;][vc_column_text]Masachs Industrial \u00e9s una empresa immobili\u00e0ria especialitzada en naus industrials, naus log\u00edstiques, s\u00f2l industrial, locals comercials i oficines, que opera a nivell nacional.<\/p>\n<p>Assessorem en processos de compravenda, administraci\u00f3 i lloguer de naus industrials i immobles.<\/p>\n<p>Donem suport durant tot el proc\u00e9s de compravenda o lloguer, el nostre objectiu \u00e9s sempre facilitar al m\u00e0xim les transaccions entre ambdues parts.[\/vc_column_text][\/vc_column][vc_column width=&#8221;1\/12&#8243;][\/vc_column][vc_column width=&#8221;6\/12&#8243; css=&#8221;.vc_custom_1586795897656{margin-top: 35px !important;}&#8221;][\/vc_column][\/vc_row][vc_row full_width=&#8221;stretch_row&#8221; css=&#8221;.vc_custom_1586798237951{padding-top: 60px !important;padding-bottom: 80px !important;background-image: url(https:\/\/masachs.com\/wp-content\/uploads\/2020\/04\/sobre_nosotros_fons.jpg?id=375) !important;background-position: center !important;background-repeat: no-repeat !important;background-size: cover !important;}&#8221;][vc_column][vc_custom_heading text=&#8221;Qu\u00e8 ens fa diferents?&#8221; font_container=&#8221;tag:h2|text_align:center&#8221; use_theme_fonts=&#8221;yes&#8221;][vc_row_inner][vc_column_inner width=&#8221;1\/2&#8243;][vc_custom_heading text=&#8221;EXPERI\u00c8NCIA EN EL SECTOR INDUSTRIAL&#8221; font_container=&#8221;tag:h3|text_align:center&#8221; use_theme_fonts=&#8221;yes&#8221; css=&#8221;.vc_custom_1587675455993{padding-right: 50px !important;padding-left: 50px !important;}&#8221;][vc_column_text]<\/p>\n<p style=\"text-align: center;\">Fa m\u00e9s de quaranta anys que ens dediquem al sector immobiliari industrial. Aix\u00f2 ens ha perm\u00e8s con\u00e8ixer a fons el sector i la gran varietat de casos, una experi\u00e8ncia que ara apliquem per ajudar-te a trobar la millor opci\u00f3 per al teu negoci: ubicaci\u00f3, preu, estat i equipament de la nau o local, condicions del contracte\u2026<\/p>\n<p>[\/vc_column_text][\/vc_column_inner][vc_column_inner width=&#8221;1\/2&#8243;][vc_custom_heading text=&#8221;\u00c0MPLIA XARXA D&#8217;EXPERTS&#8221; font_container=&#8221;tag:h3|text_align:center&#8221; use_theme_fonts=&#8221;yes&#8221;][vc_column_text css=&#8221;.vc_custom_1587675509561{padding-right: 50px !important;padding-left: 50px !important;}&#8221;]<\/p>\n<p style=\"text-align: center;\">A m\u00e9s, disposem d&#8217;una xarxa d\u2019experts immobiliaris que ens permeten con\u00e8ixer a fons cada zona d\u2019actuaci\u00f3, ja que el coneixement profund del lloc \u00e9s clau a l\u2019hora de buscar la nau o local m\u00e9s adequats per a cada client.<\/p>\n<p>[\/vc_column_text][\/vc_column_inner][\/vc_row_inner][\/vc_column][\/vc_row][vc_section full_width=&#8221;stretch_row&#8221; css_animation=&#8221;bottom-to-top&#8221; disable_element=&#8221;yes&#8221; css=&#8221;.vc_custom_1671708747125{margin-top: 100px !important;margin-bottom: 100px !important;}&#8221; el_class=&#8221;grey-bg&#8221;][vc_row el_class=&#8221;grey-bg-inner&#8221; css=&#8221;.vc_custom_1590400754063{padding-top: 50px !important;padding-bottom: 30px !important;}&#8221;][vc_column][vc_custom_heading text=&#8221;Visita les nostres oficines&#8221; font_container=&#8221;tag:h1|text_align:left&#8221; use_theme_fonts=&#8221;yes&#8221; css=&#8221;.vc_custom_1590400892608{margin-top: 0px !important;margin-bottom: 40px !important;padding-top: 0px !important;padding-bottom: 0px !important;}&#8221;][vc_raw_html]JTNDaWZyYW1lJTIwd2lkdGglM0QlMjIxMDAlMjUlMjIlMjBoZWlnaHQlM0QlMjI1MDAlMjIlMjBzcmMlM0QlMjJodHRwcyUzQSUyRiUyRm15Lm1hdHRlcnBvcnQuY29tJTJGc2hvdyUyRiUzRm0lM0RNZ2c0TFp5Z3BZQSUyNnBsYXklM0QxJTIyJTIwZnJhbWVib3JkZXIlM0QlMjIwJTIyJTIwYWxsb3dmdWxsc2NyZWVuJTIwYWxsb3clM0QlMjJ4ci1zcGF0aWFsLXRyYWNraW5nJTIyJTNFJTNDJTJGaWZyYW1lJTNF[\/vc_raw_html][\/vc_column][\/vc_row][\/vc_section][vc_row css=&#8221;.vc_custom_1586294056983{margin-top: 80px !important;margin-bottom: 0px !important;}&#8221;][vc_column width=&#8221;5\/12&#8243; css=&#8221;.vc_custom_1586282201854{padding-top: 70px !important;}&#8221;][vc_custom_heading text=&#8221;Zones d&#8217;actuaci\u00f3&#8221; font_container=&#8221;tag:h3|text_align:left&#8221; use_theme_fonts=&#8221;yes&#8221;][vc_column_text]La major part de la nostra cartera se centra en:<\/p>\n<ul>\n<li><strong>Barcelona<\/strong><\/li>\n<li><strong>Cintur\u00f3n industrial de Barcelona<\/strong><\/li>\n<li><strong>Girona<\/strong><\/li>\n<li><strong>Tarragona<\/strong><\/li>\n<li><strong>Madrid<\/strong><\/li>\n<\/ul>\n<p>Tenim naus i immobles a zones comercials, centres de grans ciutats, parcs tecnol\u00f2gics i empresarials, \u00e0rees rurals, zones portu\u00e0ries i ubicacions properes a grans vies de transport i comunicacions.[\/vc_column_text][\/vc_column][vc_column width=&#8221;1\/12&#8243;][\/vc_column][vc_column width=&#8221;6\/12&#8243;][vc_single_image image=&#8221;378&#8243; img_size=&#8221;full&#8221; css_animation=&#8221;fadeInRight&#8221;][\/vc_column][\/vc_row][vc_row el_class=&#8221;counter-masachs&#8221; css=&#8221;.vc_custom_1582732988637{margin-top: 40px !important;}&#8221;][vc_column width=&#8221;1\/3&#8243; css=&#8221;.vc_custom_1582732997154{margin-top: 20px !important;}&#8221;]<div class=\"stats-block stats-top   stat_counter\"><div class=\"aio-icon-top\"><div class=\"ult-just-icon-wrapper   just_icon\"><div class=\"align-icon\" style=\"text-align:center;\"><\/div><\/div><\/div><div class=\"stats-desc\" id=\"counter-responsv-wrap-5726\"><div id=\"counter_181625693669f56efeb4c3a\" data-id=\"counter_181625693669f56efeb4c3a\"  data-ultimate-target='#counter-responsv-wrap-5726 .stats-number'  data-responsive-json-new='{\"font-size\":\"\",\"line-height\":\"\"}'  class=\"stats-number ult-responsive\" style=\"font-size:28px;  \" data-speed=\"2\" data-counter-value=\"900\" data-separator=\".\" data-decimal=\",\">0<\/div><div id=\"counter-responsv-wrap-5726\"  data-ultimate-target='#counter-responsv-wrap-5726 .stats-text'  data-responsive-json-new='{\"font-size\":\"\",\"line-height\":\"\"}'  class=\"stats-text ult-responsive\" style=\"font-size:18px;  \"><\/div><\/div><\/div>[vc_column_text el_class=&#8221;counter-title&#8221;]Naus en cartera[\/vc_column_text][vc_column_text el_class=&#8221;counter-subtitle&#8221;]2025[\/vc_column_text][\/vc_column][vc_column width=&#8221;1\/3&#8243; css=&#8221;.vc_custom_1582733004316{margin-top: 20px !important;}&#8221;]<div class=\"stats-block stats-top   stat_counter\"><div class=\"aio-icon-top\"><div class=\"ult-just-icon-wrapper   just_icon\"><div class=\"align-icon\" style=\"text-align:center;\"><\/div><\/div><\/div><div class=\"stats-desc\" id=\"counter-responsv-wrap-1452\"><div id=\"counter_162546652669f56efeb4c9e\" data-id=\"counter_162546652669f56efeb4c9e\"  data-ultimate-target='#counter-responsv-wrap-1452 .stats-number'  data-responsive-json-new='{\"font-size\":\"\",\"line-height\":\"\"}'  class=\"stats-number ult-responsive\" style=\"font-size:28px;  \" data-speed=\"2\" data-counter-value=\"7000\" data-separator=\".\" data-decimal=\",\">0<\/div><div id=\"counter-responsv-wrap-1452\"  data-ultimate-target='#counter-responsv-wrap-1452 .stats-text'  data-responsive-json-new='{\"font-size\":\"\",\"line-height\":\"\"}'  class=\"stats-text ult-responsive\" style=\"font-size:18px;  \"><\/div><\/div><\/div>[vc_column_text el_class=&#8221;counter-title&#8221;]Demandes[\/vc_column_text][vc_column_text el_class=&#8221;counter-subtitle&#8221;]2025[\/vc_column_text][\/vc_column][vc_column width=&#8221;1\/3&#8243; css=&#8221;.vc_custom_1582733009888{margin-top: 20px !important;}&#8221;]<div class=\"stats-block stats-top   stat_counter\"><div class=\"aio-icon-top\"><div class=\"ult-just-icon-wrapper   just_icon\"><div class=\"align-icon\" style=\"text-align:center;\"><\/div><\/div><\/div><div class=\"stats-desc\" id=\"counter-responsv-wrap-4008\"><div id=\"counter_93639456269f56efeb4cd3\" data-id=\"counter_93639456269f56efeb4cd3\"  data-ultimate-target='#counter-responsv-wrap-4008 .stats-number'  data-responsive-json-new='{\"font-size\":\"\",\"line-height\":\"\"}'  class=\"stats-number ult-responsive\" style=\"font-size:28px;  \" data-speed=\"2\" data-counter-value=\"168056\" data-separator=\".\" data-decimal=\",\">0<\/div><div id=\"counter-responsv-wrap-4008\"  data-ultimate-target='#counter-responsv-wrap-4008 .stats-text'  data-responsive-json-new='{\"font-size\":\"\",\"line-height\":\"\"}'  class=\"stats-text ult-responsive\" style=\"font-size:18px;  \"><\/div><\/div><\/div>[vc_column_text el_class=&#8221;counter-title&#8221;]M\u00b2 gestionats[\/vc_column_text][vc_column_text el_class=&#8221;counter-subtitle&#8221;]2025[\/vc_column_text][\/vc_column][\/vc_row][vc_section full_width=&#8221;stretch_row&#8221; css_animation=&#8221;bottom-to-top&#8221; css=&#8221;.vc_custom_1586799525334{margin-top: 100px !important;margin-bottom: 100px !important;}&#8221; el_class=&#8221;grey-bg&#8221;][vc_row css_animation=&#8221;none&#8221; el_class=&#8221;grey-bg-inner&#8221; css=&#8221;.vc_custom_1586799534820{padding-top: 50px !important;padding-bottom: 50px !important;}&#8221;][vc_column][vc_custom_heading text=&#8221;Qu\u00e8 opinen els nostres clients?&#8221; font_container=&#8221;tag:h2|text_align:left|color:%2315326e&#8221; use_theme_fonts=&#8221;yes&#8221;][vc_row_inner][vc_column_inner width=&#8221;1\/3&#8243;]     <div class=\"testimonial-container type_class_3 \">     <div class=\"testimonial-image\" style=\"background-image:url(\/wp-content\/uploads\/2020\/03\/testi_fesfoc.jpg)\"><\/div>     <div class=\"testimonial-author-line\"><span class=\"testimonial-author\">Pau Cort\u00e9s<\/span>Director Comercial Fes Foc <\/div>     <div class=\"testimonial-text\">Molt bona feina! El comercial molt professional, ho va fer tot molt f\u00e0cil. Va ser un plaer col\u00b7laborar amb Masachs.<\/div>     <\/div>[\/vc_column_inner][vc_column_inner width=&#8221;1\/3&#8243;]     <div class=\"testimonial-container type_class_3 \">     <div class=\"testimonial-image\" style=\"background-image:url(\/wp-content\/uploads\/2020\/03\/testi_vallescarp.jpg)\"><\/div>     <div class=\"testimonial-author-line\"><span class=\"testimonial-author\">Rub\u00e9n Vall\u00e9s<\/span>Director General Vall\u00e9s Carpinter\u00eda <\/div>     <div class=\"testimonial-text\">Bon tracte, ens han assessorat molt b\u00e9 per buscar la nau que millor s'adapta a les nostres necessitats. El comercial ha tingut molta paci\u00e8ncia i ha fet tantes visites a quantes naus feien falta, ha demostrat ser molt eficient i professional. 100% Recomanable.<\/div>     <\/div>[\/vc_column_inner][vc_column_inner width=&#8221;1\/3&#8243;]     <div class=\"testimonial-container type_class_3 \">     <div class=\"testimonial-image\" style=\"background-image:url(\/wp-content\/uploads\/2020\/03\/testi_fcc.jpg)\"><\/div>     <div class=\"testimonial-author-line\"><span class=\"testimonial-author\">Marc Baylina<\/span>Cap de Planta FCC \u00c1mbito <\/div>     <div class=\"testimonial-text\">Molt satisfet del servei rebut. Vam trobar<br \/>\nla nau que s'adaptava a les nostres necessitats amb un temps r\u00e8cord.<br \/>\nEl tracte personal va ser excel\u00b7lent.<br \/>\n100% recomanable.<\/div>     <\/div>[\/vc_column_inner][\/vc_row_inner][\/vc_column][\/vc_row][\/vc_section]<\/p>\n","protected":false},"excerpt":{"rendered":"<p>[vc_row full_width=&#8221;stretch_row_content_no_spaces&#8221;][vc_column][vc_separator color=&#8221;custom&#8221; align=&#8221;align_left&#8221; border_width=&#8221;10&#8243; accent_color=&#8221;#15326e&#8221; el_id=&#8221;separador-header&#8221;][vc_raw_js]JTNDc2NyaXB0JTNFJTBBdmFyJTIwd2lud2klMjAlM0QlMjB3aW5kb3cuaW5uZXJXaWR0aCUzQiUwQXZhciUyMHAlMjAlM0QlMjBkb2N1bWVudC5xdWVyeVNlbGVjdG9yJTI4JTIyLnNpbmdsZV93aWR0aF9wYWdlJTIyJTI5JTNCJTBBdmFyJTIwc3R5bGUlMjAlM0QlMjBwLmN1cnJlbnRTdHlsZSUyMCU3QyU3QyUyMHdpbmRvdy5nZXRDb21wdXRlZFN0eWxlJTI4cCUyOSUzQiUwQXZhciUyMGxlZnRzcGFjZSUyMCUzRCUyMCUyOHdpbndpLSUyOHBhcnNlSW50JTI4c3R5bGUud2lkdGglMjktMzAlMjklMjklMkYyJTNCJTBBZG9jdW1lbnQuZ2V0RWxlbWVudEJ5SWQlMjglMjJzZXBhcmFkb3ItaGVhZGVyJTIyJTI5LnN0eWxlLmxlZnQlMjAlM0QlMjBsZWZ0c3BhY2UlMkIlMjJweCUyMiUzQiUwQSUzQyUyRnNjcmlwdCUzRQ==[\/vc_raw_js][\/vc_column][\/vc_row][vc_row css=&#8221;.vc_custom_1712051363223{margin-top: 80px !important;margin-bottom: 100px !important;}&#8221; el_class=&#8221;mobile_hide&#8221;][vc_column width=&#8221;5\/12&#8243;][vc_custom_heading text=&#8221;Experts en lloguer i compravenda de naus industrials&#8221; font_container=&#8221;tag:h1|text_align:left&#8221; use_theme_fonts=&#8221;yes&#8221;][vc_column_text]Masachs Industrial \u00e9s una empresa immobili\u00e0ria especialitzada en naus industrials, naus log\u00edstiques, s\u00f2l industrial, locals comercials i oficines, que opera a nivell nacional. Assessorem en processos de compravenda, administraci\u00f3 i lloguer de naus industrials i immobles. Donem suport durant tot el &#8230;<\/p>\n","protected":false},"author":1,"featured_media":0,"parent":0,"menu_order":0,"comment_status":"closed","ping_status":"closed","template":"","meta":{"footnotes":""},"class_list":["post-907","page","type-page","status-publish","hentry"],"_links":{"self":[{"href":"https:\/\/masachs.com\/ca\/wp-json\/wp\/v2\/pages\/907"}],"collection":[{"href":"https:\/\/masachs.com\/ca\/wp-json\/wp\/v2\/pages"}],"about":[{"href":"https:\/\/masachs.com\/ca\/wp-json\/wp\/v2\/types\/page"}],"author":[{"embeddable":true,"href":"https:\/\/masachs.com\/ca\/wp-json\/wp\/v2\/users\/1"}],"replies":[{"embeddable":true,"href":"https:\/\/masachs.com\/ca\/wp-json\/wp\/v2\/comments?post=907"}],"version-history":[{"count":10,"href":"https:\/\/masachs.com\/ca\/wp-json\/wp\/v2\/pages\/907\/revisions"}],"predecessor-version":[{"id":443259,"href":"https:\/\/masachs.com\/ca\/wp-json\/wp\/v2\/pages\/907\/revisions\/443259"}],"wp:attachment":[{"href":"https:\/\/masachs.com\/ca\/wp-json\/wp\/v2\/media?parent=907"}],"curies":[{"name":"wp","href":"https:\/\/api.w.org\/{rel}","templated":true}]}}